{"id":38,"date":"2019-10-19T21:14:48","date_gmt":"2019-10-19T19:14:48","guid":{"rendered":"http:\/\/www.wp-projekt-roz.generalcube.com\/?page_id=38"},"modified":"2019-10-19T21:14:48","modified_gmt":"2019-10-19T19:14:48","slug":"statut","status":"publish","type":"page","link":"https:\/\/projektroz.unitunicorn.com\/?page_id=38","title":{"rendered":"[:en]Statute[:pl]Statut[:]"},"content":{"rendered":"[:en]\n<h2 class=\"has-text-align-center wp-block-heading\">PROJECT FOUNDATION CHAPTER I. GENERAL PROVISIONS<\/h2>\n\n\n\n<p>\u00a7 1<\/p>\n\n\n\n<p>Foundation under the name PROJEKT ROZ, hereinafter referred to as the Foundation, established by a notarial deed in a notary&#8217;s office in Krakow at ul. Smole\u0144sk 25 a \/ 3, before the notary public Bart\u0142omiej Zeman, under the repertory number A No. 4683\/2012 of July 27, 2012, it operates on the basis of the Act on Foundations of April 6, 1984 (consolidated text: Journal of Laws of 1991, 46, item 203, as amended) and this statute.<\/p>\n\n\n\n<p>\u00a7 2<\/p>\n\n\n\n<p>The Foundation has legal personality.<\/p>\n\n\n\n<p>\u00a7 3<\/p>\n\n\n\n<p>The duration of the Foundation is indefinite.<\/p>\n\n\n\n<p>\u00a7 4<\/p>\n\n\n\n<p>The seat of the Foundation is the city of Krakow.<\/p>\n\n\n\n<p>\u00a7 5<\/p>\n\n\n\n<p>The minister responsible is the minister responsible for social policy.<\/p>\n\n\n\n<p>\u00a7 6<\/p>\n\n\n\n<ol class=\"wp-block-list\"><li>The area of \u200b\u200bthe Foundation&#8217;s activity is the territory of the Republic of Poland, but to the extent necessary for the proper implementation of its objectives, it may also operate outside the territory of the Republic of Poland.<\/li><li>The Foundation may use translation for the purposes of cooperation with foreign countries names in selected foreign languages.<\/li><\/ol>\n\n\n\n<p>\u00a7 7<\/p>\n\n\n\n<ol class=\"wp-block-list\"><li>The Foundation may establish branches, plants, branches, as well as join companies, foundations and associations.<\/li><li>The Foundation may run a business in the field of therapeutic, care, legal, training and promotional services , and auxiliary, as well as in the field of research and development, publishing and commercial activities, serving the achievement of the Foundation&#8217;s goals.<br><\/li><\/ol>\n\n\n\n<p>\u00a7 8<\/p>\n\n\n\n<ol class=\"wp-block-list\"><li>The Foundation may establish certificates, badges, honorary medals, awards and distinctions and award them to natural and legal persons who have contributed to the Foundation or contribute to the achievement of the Foundation&#8217;s goals.<\/li><li>The rules for granting badges and awards are set will be included in the Regulations for Awarding Badges of Honor, Awards and Distinctions.<\/li><\/ol>\n\n\n\n<h2 class=\"wp-block-heading\">II. OBJECTIVES AND PRINCIPLES OF THE FOUNDATION<\/h2>\n\n\n\n<p>\u00a7 9<\/p>\n\n\n\n<p>The Foundation was established to:<\/p>\n\n\n\n<ol class=\"wp-block-list\"><li>Counteracting the social exclusion of some of its members or social groups,<\/li><li>Counteracting pathological social phenomena.<\/li><li>Developing cooperation with the scientific community in the field related to the topics covered by the Foundation&#8217;s statutory activities. < \/ li><\/li><li>To help people and social groups excluded from society and at risk of social exclusion, in particular by:<ol><li>popularizing the idea of \u200b\u200bfamily forms of foster care and family-type care and educational facilities,<\/li><li>assistance in gaining independence for people leaving foster care,<\/li><\/ol><\/li><li>Supporting the activities of institutions and organizations of important social importance, in particular by raising the competences of representatives of entities involved in performing tasks for children brought up in foster care and those running family and institutional forms of foster care.<\/li><li>Supporting the activities of people running family forms foster care or family-type facilities, in particular through:<ol><li>promoting the idea of \u200b\u200bprofessionalization of the functions they perform among people running family forms of foster care or a family-type facility;<\/li><li>activities aimed at professionalising the function and improving prestige of foster caregiver;<\/li><li>substantive support for people running family forms of foster care and family-type facilities;<\/li><li>activities to support and help biological children of people running family forms of foster care and family-type facilities .<\/li><\/ol><\/li><\/ol>\n\n\n\n<p>\u00a7 10<\/p>\n\n\n\n<p>The Foundation carries out its goals related to the public benefit activity through:<\/p>\n\n\n\n<ol class=\"wp-block-list\"><li>Equalizing opportunities for vulnerable people and groups, including people from pathological, socially and culturally neglected environments.<\/li><li>Helping and supporting families experiencing difficulties in fulfilling their care and educational functions, in particular by running facilities family-type care and education.<\/li><li>Granting scholarships, allowances and other forms of assistance to the extent specified by the Management Board.<\/li><li>Activities in the field of charity, health protection and social assistance, vocational and social rehabilitation in in particular towards people suffering from or at risk of social exclusion.<\/li><li>Information, research, publishing and educational activities aimed at acquiring and disseminating knowledge about social phenomena and the functioning of the family, in particular the problems of the family experiencing difficulties in performing care and educational functions and foster care.<\/li><li>Training activities, in particular targeting workers working in the area of \u200b\u200bcounteracting social exclusion, social welfare and social readaptation.<\/li><li>Advocacy of the interests of socially marginalized groups, with particular emphasis on the rights and freedoms of children.<\/li><li>Cooperation with local and government authorities as well as non-governmental organizations and other entities within the scope specified for the Foundation&#8217;s objectives.<\/li><li>Initiating and obtaining financial and material assistance for the implementation of the Foundation&#8217;s statutory objectives.<\/li><\/ol>\n\n\n\n<p>\u00a7 11<\/p>\n\n\n\n<p>The Foundation implements the statutory goals also through membership in organizations associating Polish and foreign foundations and associations, with statutory goals coinciding or identical to the Foundation&#8217;s goal.<\/p>\n\n\n\n<p>\u00a7 12<\/p>\n\n\n\n<ol class=\"wp-block-list\"><li>To achieve its goals, the Foundation may support the activities of other legal persons conducting activities consistent with its objectives.<\/li><li>The Foundation&#8217;s economic activities may also be carried out through participation in civil and commercial law companies, including companies with the participation of foreign entities &#8211; on the terms specified in the relevant regulations.<\/li><\/ol>\n\n\n\n<h2 class=\"wp-block-heading\">III. PROPERTY AND INCOME OF THE FOUNDATION<\/h2>\n\n\n\n<p>\u00a7 13<\/p>\n\n\n\n<ol class=\"wp-block-list\"><li>The assets of the Foundation are the founding fund in the amount of PLN 2,200 (in words: two thousand two hundred zlotys), listed in the notarial deed of its establishment and other property acquired by the Foundation in the course of its operation.<\/li><li>From the fund in the founding, the amount of PLN 1,000 (in words: one thousand zlotys) is allocated to business activity.<\/li><\/ol>\n\n\n\n<p>\u00a7 14<\/p>\n\n\n\n<p>It is forbidden to:<\/p>\n\n\n\n<ol class=\"wp-block-list\"><li>Granting loans or securing liabilities with the Foundation&#8217;s assets in relation to members of its bodies or employees and persons with whom the employees are married or in a relationship of kinship or affinity in a straight line, kinship or affinity up to the second degree or they are related to adoption, care or guardianship, hereinafter referred to as relatives.<\/li><li>Transfer of the Foundation&#8217;s assets to its members of bodies or employees and their relatives, on terms other than in relation to third parties, in particular , if the transfer is free of charge or on preferential terms.<\/li><li>Use of the Foundation&#8217;s assets for the benefit of its members of bodies or employees and their relatives on terms other than in relation to third parties, unless this use directly results from the statutory the purpose of the Foundation.<\/li><li>Purchase on special terms of goods or services from entities in which they participate Members of the bodies or employees of the Foundation and their relatives on terms other than in relation to third parties or at prices higher than market prices.<br>\u00a7 15 The Foundation&#8217;s income may come, in particular, from:<ol><li>donations, inheritances and bequests,<\/li><li>interest and cash benefits provided for by criminal law,<\/li><li>subsidies, grants, grants and other gratuitous benefits from state institutions and legal entities ,<\/li><li>income from collections and public events,<\/li><li>income from immovable and movable property,<\/li><li>income from the Foundation&#8217;s business activities,<\/li><li>interest banking,<\/li><li>other inflows.<\/li><\/ol>\u00a7 16<ol><li>Income from grants, subsidies, donations, inheritances and bequests may be used for the implementation of the Foundation&#8217;s goals only with respect for the will of the testators or donors.<\/li><li>The donor, by providing the Foundation with assets, may reserve that these funds are to be allocated to a specific type of activity of the Foundation. The Management Board of the Foundation may not accept this condition. In such a case, the Foundation reimburses the donor with the funds provided. If the transfer of funds is not accompanied by the purpose of their use, the Foundation may allocate them for any statutory purpose.<\/li><li>In matters of accepting donations and inheritance, declarations required by law are submitted by the Foundation&#8217;s Management Board.<\/li><li>of a foundation for inheritance, its management board shall submit a declaration of acceptance of the inheritance with the benefit of inventory only if, at the time of submitting this declaration, it is obvious that the active status of the estate significantly exceeds the debts of the estate.<\/li><\/ol><\/li><\/ol>\n\n\n\n<h2 class=\"wp-block-heading\">IV.FUNDATOR<\/h2>\n\n\n\n<p>\u00a7 17<\/p>\n\n\n\n<p>The Founder&#8217;s competences include:<\/p>\n\n\n\n<ol class=\"wp-block-list\"><li>appointing and dismissing members of the Foundation Council,<\/li><li>appointing and dismissing the President of the Management Board,<\/li><li>deciding to liquidate the Foundation,<\/li><li>deciding to change the goals of the Foundation.<\/li><\/ol>\n\n\n\n<h2 class=\"wp-block-heading\">V. BODIES AND HOW TO ORGANIZE<\/h2>\n\n\n\n<p>\u00a7 18<\/p>\n\n\n\n<p>The bodies of the Foundation are:<\/p>\n\n\n\n<ol class=\"wp-block-list\"><li>Foundation Board.<\/li><li>Foundation Board.<\/li><\/ol>\n\n\n\n<p>\u00a7 19<\/p>\n\n\n\n<p>The Founder may be appointed to the Foundation Board or to the Foundation Council, subject to \u00a7 20 section 6 and \u00a7 25 section 3.<\/p>\n\n\n\n<p>\u00a7 20<\/p>\n\n\n\n<ol class=\"wp-block-list\"><li>The Foundation Council is the supervisory and control body of the Foundation.<\/li><li>The Foundation Council consists of three (3) to seven (7) persons appointed by the Founder.<\/li><li>A member of the Council The Foundation may not be convicted of an intentional public-complaint offense or a fiscal offense.<\/li><li>Membership in the Foundation&#8217;s Council shall cease in the event of a written resignation from membership, dismissal by the Founder or death of a Council member.<\/li><li>No Membership in the Foundation Council may be combined with performing a function in the Foundation Board or with an employment relationship with the Foundation.<\/li><li>A member of the Foundation Council may not be married, cohabiting, kinship, affinity or official reporting to the members Management Board.<\/li><li>The Foundation Council elects the Chairman from among its members.<\/li><li>The Chairman manages the Council&#8217;s work, represents it outside, and convenes and chairs the meetings. In justified cases, the Chairman of the Supervisory Board shall be replaced by another member of the Supervisory Board on the basis of his written authorization.<\/li><\/ol>\n\n\n\n<p>\u00a7 21<\/p>\n\n\n\n<ol class=\"wp-block-list\"><li>The Foundation Council meets at least once a year.<\/li><li>The Foundation Council is convened by the Chairman of the Council on his own initiative or at the request of the Management Board or the Founder, submitted in writing.<\/li><li>The members of the Foundation Council must be notified at least two weeks in advance of the meeting being convened.<\/li><li>The Foundation Council makes decisions in the form of resolutions in the presence of at least half of the Council members, by a simple majority of votes. In the event of an equal number of votes, the vote of the Chairman is decisive.<\/li><li>The meetings of the Foundation Council may be attended by the Founder and members of the Management Board without voting rights.<\/li><\/ol>\n\n\n\n<p>\u00a7 22<\/p>\n\n\n\n<p>The tasks of the Foundation Council include in particular:<\/p>\n\n\n\n<ol class=\"wp-block-list\"><li>Assessing the work of the Board, accepting annual reports and balance sheets, and granting a vote of approval to the members of the Board.<\/li><li>Controlling the current activities of the Foundation&#8217;s Board.<\/li><li>Setting the main directions of the Foundation&#8217;s activities.<\/li><li>Supervision of the Foundation&#8217;s activities.<\/li><li>Appointing and dismissing members of the Foundation&#8217;s Management Board, except for the President of the Management Board. These decisions must be made by 2\/3 of the votes at the meeting in the presence of 2\/3 of the total number of members of the Supervisory Board.<\/li><li>Demanding the members of the Management Board to provide written or oral explanations.<\/li><li>Making decisions on hiring members management board and determining their remuneration.<\/li><\/ol>\n\n\n\n<p>\u00a7 23<\/p>\n\n\n\n<p>The Foundation Council, in order to perform its tasks, is entitled to:<\/p>\n\n\n\n<ol class=\"wp-block-list\"><li>Requests from the Foundation&#8217;s Management Board to present all documents relating to the Foundation&#8217;s activities.<\/li><li>Audit of the Foundation&#8217;s assets and financial control.<\/li><\/ol>\n\n\n\n<p>\u00a7 24<\/p>\n\n\n\n<p>Members of the Foundation Council do not receive remuneration for participation in the work of this body, except for the reimbursement of documented expenses related to participation in the work of these bodies, including travel costs.<\/p>\n\n\n\n<p>\u00a7 25<\/p>\n\n\n\n<ol class=\"wp-block-list\"><li>The Management Board of the Foundation consists of 3 to 5 people appointed by the Foundation Council for a three \/ 3 \/-year term and the President of the Management Board appointed by the Founder.<\/li><li>The function of a Management Board member may be performed by more than one term of office.<\/li><li>The function of a member of the Board of Directors cannot be combined with membership in the Foundation&#8217;s Council.<\/li><li>A person convicted of an intentional public-complaint offense or a fiscal offense cannot be a member of the Foundation&#8217;s Board.<\/li><li>The entire Management Board or its individual members, except for the President of the Management Board, may be dismissed by the Foundation Council before the end of the term of office.<\/li><li>The Management Board or a member of the Management Board may be recalled in writing in the event of a written resignation of a Management Board member, death of a member of the Management Board or dismissal by the Foundation Council, excluding the President of the Management Board.<\/li><\/ol>\n\n\n\n<p>\u00a7 26<\/p>\n\n\n\n<p>The Board directs the activities of the Foundation and represents it outside.<\/p>\n\n\n\n<p>\u00a7 27<\/p>\n\n\n\n<p>The tasks of the Management Board include all matters not reserved to the powers of the Founder and the Foundation Council, in particular:<\/p>\n\n\n\n<ol class=\"wp-block-list\"><li>Adopting the Foundation&#8217;s annual and long-term action plans and financial plans.<\/li><li>Managing the Foundation&#8217;s day-to-day activities, being responsible for the implementation of its statutory goals and the results of its financial and economic activities.<\/li><li>reports on the activities of the Foundation.<\/li><li>Adopting the regulations of the Board&#8217;s work specifying, inter alia, matters reserved for collective decisions of the Board, the way of making decisions and the procedure of the meeting, 3 appointed members of the Management Board,<\/li><li>pending the adoption of the regulations of the Management Board, the Management Board&#8217;s work mode is determined by the President of the Management Board.<\/li><\/ol>\n\n\n\n<p>Managing the Foundation&#8217;s assets. < li> Acceptance of donations, inheritance and bequests, subsidies and grants. Applying for changes to the Foundation&#8217;s statute, merger with another Foundation and liquidation of the Foundation. Determining the amount of employment, remuneration rules and the size of wed for remuneration and awards for employees of the Foundation employed in statutory activities and business. Establishing the Regulations for Granting Badges of Honor, Awards and Distinctions.<\/p>\n\n\n\n<p>\u00a7 28<\/p>\n\n\n\n<p>The Management Board adopts resolutions by a simple majority of votes of its members present at the meeting. The meeting must be attended by the President or Vice President of the Management Board. All members of the Management Board must be notified of a meeting of the Management Board.<\/p>\n\n\n\n<p>\u00a7 29<\/p>\n\n\n\n<p>Meetings of the Management Board are held as needed, but at least twice a year.<\/p>\n\n\n\n<p>\u00a7 30<\/p>\n\n\n\n<p>The Management Board may appoint proxies to manage a separate sphere of matters belonging to the Foundation&#8217;s tasks.<\/p>\n\n\n\n<p>\u00a7 31<\/p>\n\n\n\n<p>The Management Board is obliged to submit an annual report on the Foundation&#8217;s activities each year.<\/p>\n\n\n\n<h2 class=\"wp-block-heading\">VI. METHOD OF REPRESENTATION<\/h2>\n\n\n\n<p>\u00a7 32<\/p>\n\n\n\n<p>Declaration of will on behalf of the Foundation is made by two members of the Management Board acting jointly, including the President or Vice President.<\/p>\n\n\n\n<h2 class=\"wp-block-heading\">VII. ECONOMIC ACTIVITY OF THE FOUNDATION<\/h2>\n\n\n\n<p>\u00a7 33<\/p>\n\n\n\n<ol class=\"wp-block-list\"><li>To achieve the Foundation&#8217;s goals, it may run a business independently or in cooperation with other entities in the country and abroad, in accordance with applicable regulations.<\/li><li>The subject of economic activity is activity in the field of: < \/ li><\/li><\/ol>\n\n\n\n<ul class=\"wp-block-list\"><li>Other printing &#8211; PKD 18.12.Z,<\/li><li>Service activities related to preparation for printing &#8211; PKD 18.13.Z,<\/li><li>Reproduction of recorded information carriers &#8211; PKD 18.20.Z ,<\/li><li>Book publishing &#8211; PKD 58.11.Z,<\/li><li>Other publishing activities &#8211; PKD 58.19.Z,<\/li><li>Research and development works in the field of social sciences and humanities &#8211; PKD 72.20.Z,<\/li><li>Activities of advertising agencies &#8211; PKD 73.11.Z,<\/li><li>Photography activities &#8211; PKD 74.20.Z,<\/li><li>Other professional scientific and technical activities not elsewhere classified &#8211; PKD 74.90.Z,<\/li><li>Activities related to the organization of fairs, exhibitions and congresses &#8211; PKD 82.30.Z,<\/li><li>Non-school forms of artistic education &#8211; PKD 85.52.Z,<\/li><li>Other non-school forms of education not elsewhere classified &#8211; PKD 85.59.B,<\/li><li>Educational support activities &#8211; PKD 85.60.Z,<\/li><li>Other social assistance with accommodation &#8211; PKD 87.90. Z,<\/li><li>Day care children &#8211; PKD 88.91.Z,<\/li><li>Other social assistance without accommodation not elsewhere classified &#8211; PKD 88.99.Z,<\/li><li>Artistic and literary creative activity &#8211; PKD 90.03.Z,<\/li><li>Income from the Foundation&#8217;s business activities are allocated exclusively to the implementation of the Foundation&#8217;s statutory objectives.<\/li><\/ul>\n\n\n\n<h2 class=\"wp-block-heading\">VIII. CHANGE OF STATUTES<\/h2>\n\n\n\n<p>\u00a7 34<\/p>\n\n\n\n<ol class=\"wp-block-list\"><li>Amendments to the statute are made by the Foundation Council with the consent of the Founder. The decision to amend the statute is made by the Foundation Council by an absolute majority of votes in the presence of at least half of the Council members.<\/li><li>Changing the statute in terms of the Foundation&#8217;s goals is the sole decision of the Founder.<\/li><\/ol>\n\n\n\n<h2 class=\"wp-block-heading\">IX. FINAL PROVISIONS<\/h2>\n\n\n\n<p>\u00a7 35<\/p>\n\n\n\n<ol class=\"wp-block-list\"><li>For the effective implementation of its goals, the Foundation may merge with another foundation.<\/li><li>The decision to merge is made by the Foundation Council with the consent of the Founder.<\/li><\/ol>\n\n\n\n<p>\u00a7 36<\/p>\n\n\n\n<ol class=\"wp-block-list\"><li>The Foundation may be liquidated if the goals for which it was established are achieved or when funds and assets are exhausted.<\/li><li>The decision to liquidate the Foundation is made by the Founder or the Foundation Council by unanimous resolution with consent The Founder.<\/li><li>In the event of the liquidation of the Foundation, the function of the liquidator is performed by a person appointed by the Foundation&#8217;s Council.<\/li><li>The funds remaining after the liquidation and the Foundation&#8217;s assets, will be transferred by the liquidator to another social organization pursuing objectives similar to those contained herein The Articles of Association.<\/li><\/ol>\n[:pl]\n<h2 class=\"has-text-align-center wp-block-heading\">FUNDACJA PROJEKT ROZ <\/h2>\n\n\n\n<h2 class=\"has-text-align-center wp-block-heading\">I. POSTANOWIENIA OG\u00d3LNE<\/h2>\n\n\n\n<p>\u00a7 1<\/p>\n\n\n\n<p>Fundacja pod nazw\u0105 PROJEKT ROZ, zwana dalej Fundacj\u0105, ustanowiona aktem notarialnym w kancelarii notarialnej w Krakowie przy ul. Smole\u0144sk 25 a\/3, przed notariuszem Bart\u0142omiejem Zemanem, za numerem repertorium A nr 4683\/2012 z dnia 27 lipca 2012 r. dzia\u0142a na podstawie ustawy o fundacjach z 6 kwietnia 1984 r. (tekst jedn.: Dz. U. z 1991 r. Nr 46, poz. 203 z p\u00f3\u017an. zm.) oraz niniejszego statutu.<\/p>\n\n\n\n<p>\u00a7 2<\/p>\n\n\n\n<p>Fundacja posiada osobowo\u015b\u0107 prawn\u0105.<\/p>\n\n\n\n<p>\u00a7 3<\/p>\n\n\n\n<p>Czas trwania Fundacji jest nieokre\u015blony.<\/p>\n\n\n\n<p>\u00a7 4<\/p>\n\n\n\n<p>Siedzib\u0105 Fundacji jest miejscowo\u015b\u0107 Wielkie Drogi.<\/p>\n\n\n\n<p>\u00a7 5<\/p>\n\n\n\n<p>W\u0142a\u015bciwym ministrem jest Minister w\u0142a\u015bciwy do spraw polityki spo\u0142ecznej.<\/p>\n\n\n\n<p>\u00a7 6<\/p>\n\n\n\n<ol class=\"wp-block-list\"><li>Terenem dzia\u0142alno\u015bci Fundacji jest obszar Rzeczypospolitej Polskiej, przy czym w zakresie niezb\u0119dnym dla w\u0142a\u015bciwego realizowania cel\u00f3w mo\u017ce ona prowadzi\u0107 dzia\u0142alno\u015b\u0107 tak\u017ce poza granicami Rzeczypospolitej Polskiej.<\/li><li>Fundacja mo\u017ce dla cel\u00f3w wsp\u00f3\u0142pracy z zagranic\u0105 pos\u0142ugiwa\u0107 si\u0119 t\u0142umaczeniem nazwy w wybranych j\u0119zykach obcych.<\/li><\/ol>\n\n\n\n<p>\u00a7 7<\/p>\n\n\n\n<ol class=\"wp-block-list\"><li>Fundacja mo\u017ce tworzy\u0107 oddzia\u0142y, zak\u0142ady, filie, a tak\u017ce przyst\u0119powa\u0107 do sp\u00f3\u0142ek, fundacji i stowarzysze\u0144.<\/li><li>Fundacja mo\u017ce prowadzi\u0107 dzia\u0142alno\u015b\u0107 gospodarcz\u0105 w zakresie \u015bwiadczenia us\u0142ug terapeutycznych, opieku\u0144czych, prawnych, szkoleniowych, promocyjnych, i pomocniczych a tak\u017ce w zakresie dzia\u0142alno\u015bci badawczo \u2013 rozwojowej, wydawniczej i komercyjnej, s\u0142u\u017c\u0105cej osi\u0105ganiu cel\u00f3w Fundacji.<\/li><\/ol>\n\n\n\n<p>\u00a7 8<\/p>\n\n\n\n<ol class=\"wp-block-list\"><li>Fundacja mo\u017ce ustanowi\u0107 certyfikaty, odznaki, medale honorowe, nagrody oraz wyr\u00f3\u017cnienia i przyznawa\u0107 je osobom fizycznym i prawnym zas\u0142u\u017conym dla Fundacji lub przyczyniaj\u0105cym si\u0119 do realizacji cel\u00f3w Fundacji.<\/li><li>Zasady przyznawania odznak i nagr\u00f3d ustalone zostan\u0105 w Regulaminie Przyznawania Odznak Honorowych, Nagr\u00f3d i Wyr\u00f3\u017cnie\u0144.<\/li><\/ol>\n\n\n\n<h2 class=\"has-text-align-center wp-block-heading\">II. CELE I ZASADY DZIA\u0141ANIA FUNDACJI<\/h2>\n\n\n\n<p>\u00a7 9<\/p>\n\n\n\n<p>Fundacja zosta\u0142a powo\u0142ana w celu:<\/p>\n\n\n\n<ol class=\"wp-block-list\"><li>Przeciwdzia\u0142ania wykluczeniu spo\u0142ecznemu niekt\u00f3rych jego cz\u0142onk\u00f3w lub grup spo\u0142ecznych,<\/li><li>Przeciwdzia\u0142ania patologicznym zjawiskom spo\u0142ecznym.<\/li><li>Rozwijania wsp\u00f3\u0142pracy ze \u015brodowiskiem naukowym w zakresie dotycz\u0105cym tematyki obejmuj\u0105cej dzia\u0142alno\u015b\u0107 statutow\u0105 Fundacji.<\/li><li>Niesienia pomocy osobom i grupom spo\u0142ecznym wykluczonym spo\u0142ecznie oraz zagro\u017conym wykluczeniem spo\u0142ecznym, w szczeg\u00f3lno\u015bci poprzez:<ol><li>popularyzacj\u0119 idei rodzinnych form pieczy zast\u0119pczej i plac\u00f3wek opieku\u0144czo-wychowawczych typu rodzinnego,<\/li><li>pomoc w usamodzielnianiu os\u00f3b opuszczaj\u0105cych piecz\u0119 zast\u0119pcz\u0105,<\/li><\/ol><\/li><li>Wspierania dzia\u0142alno\u015bci instytucji i organizacji o wa\u017cnym znaczeniu spo\u0142ecznym w szczeg\u00f3lno\u015bci przez podnoszenie kompetencji przedstawicieli podmiot\u00f3w zaanga\u017cowanych w wykonywanie zada\u0144 na rzecz dzieci wychowywanych w pieczy zast\u0119pczej oraz prowadz\u0105cych rodzinne i instytucjonalne formy pieczy zast\u0119pczej.<\/li><li>Wspierania dzia\u0142alno\u015bci os\u00f3b prowadz\u0105cych rodzinne formy opieki zast\u0119pczej b\u0105d\u017a plac\u00f3wki typu rodzinnego, w szczeg\u00f3lno\u015bci poprzez:<ol><li>propagowanie w\u015br\u00f3d os\u00f3b prowadz\u0105cych rodzinne formy pieczy zast\u0119pczej b\u0105d\u017a plac\u00f3wki typu rodzinnego idei profesjonalizacji funkcji, kt\u00f3r\u0105 pe\u0142ni\u0105;<\/li><li>dzia\u0142ania w kierunku uzawodowienia funkcji i podnoszenie presti\u017cu opiekuna zast\u0119pczego;<\/li><li>wsparcie merytoryczne os\u00f3b prowadz\u0105cych rodzinne formy opieki zast\u0119pczej oraz plac\u00f3wki typu rodzinnego;<\/li><li>dzia\u0142alno\u015b\u0107 na rzecz wspierania i pomocy dla dzieci biologicznych os\u00f3b prowadz\u0105cych rodzinne formy pieczy zast\u0119pczej i plac\u00f3wki typu rodzinnego.<\/li><\/ol><\/li><\/ol>\n\n\n\n<p>\u00a7 10<\/p>\n\n\n\n<p>Fundacja realizuje swoje cele zwi\u0105zane z dzia\u0142alno\u015bci\u0105 po\u017cytku publicznego poprzez:<\/p>\n\n\n\n<ol class=\"wp-block-list\"><li>Wyr\u00f3wnywanie szans os\u00f3b i grup s\u0142abszych, w tym os\u00f3b ze \u015brodowisk patologicznych, zaniedbanych spo\u0142ecznie i kulturowo.<\/li><li>Pomoc i wspieranie rodzin prze\u017cywaj\u0105cych trudno\u015bci w wype\u0142nianiu funkcji opieku\u0144czo-wychowawczej, w szczeg\u00f3lno\u015bci poprzez prowadzenie plac\u00f3wek opieku\u0144czo-wychowawczych typu rodzinnego.<\/li><li>Udzielanie stypendi\u00f3w, zapom\u00f3g i innych form pomocy w zakresie okre\u015blonym przez Zarz\u0105d.<\/li><li>Dzia\u0142ania w zakresie dobroczynno\u015bci, ochrony zdrowia i pomocy spo\u0142ecznej, rehabilitacji zawodowej i spo\u0142ecznej w szczeg\u00f3lno\u015bci wobec os\u00f3b dotkni\u0119tych b\u0105d\u017a zagro\u017conych wykluczeniem spo\u0142ecznym.<\/li><li>Dzia\u0142ania informacyjne, badawcze, wydawnicze oraz edukacyjne s\u0142u\u017c\u0105ce zdobywaniu i upowszechnianiu wiedzy na temat zjawisk spo\u0142ecznych i funkcjonowania rodziny, a w szczeg\u00f3lno\u015bci problematyki rodziny prze\u017cywaj\u0105cej trudno\u015bci w wykonywaniu funkcji opieku\u0144czo-wychowawczych i pieczy zast\u0119pczej.<\/li><li>Dzia\u0142ania o charakterze szkoleniowym, skierowane w szczeg\u00f3lno\u015bci do os\u00f3b pracuj\u0105cych w obszarze przeciwdzia\u0142ania wykluczeniu spo\u0142ecznemu, pomocy spo\u0142ecznej i readaptacji spo\u0142ecznej.<\/li><li>Rzecznictwo interes\u00f3w grup marginalizowanych spo\u0142ecznie, ze szczeg\u00f3lnym uwzgl\u0119dnieniem praw i wolno\u015bci dzieci.<\/li><li>Wsp\u00f3\u0142prac\u0119 z w\u0142adzami samorz\u0105dowymi i rz\u0105dowymi oraz organizacjami pozarz\u0105dowymi i innymi podmiotami w zakresie wymienionym w celach Fundacji.<\/li><li>Inicjowanie i pozyskiwanie pomocy finansowej i rzeczowej z przeznaczeniem na realizacj\u0119 cel\u00f3w statutowych Fundacji.<\/li><\/ol>\n\n\n\n<p>\u00a7 11<\/p>\n\n\n\n<p>Fundacja realizuje cele statutowe tak\u017ce poprzez cz\u0142onkostwo w organizacjach zrzeszaj\u0105cych fundacje i stowarzyszenia polskie i zagraniczne, o celach statutowych zbie\u017cnych lub to\u017csamych z celem Fundacji.<\/p>\n\n\n\n<p>\u00a7 12<\/p>\n\n\n\n<ol class=\"wp-block-list\"><li>Dla osi\u0105gni\u0119cia swoich cel\u00f3w Fundacja mo\u017ce wspiera\u0107 dzia\u0142alno\u015b\u0107 innych os\u00f3b prawnych prowadz\u0105cych dzia\u0142alno\u015b\u0107 zbie\u017cn\u0105 z jej celami.<\/li><li>Dzia\u0142alno\u015b\u0107 gospodarcza Fundacji mo\u017ce by\u0107 r\u00f3wnie\u017c realizowana poprzez uczestnictwo w sp\u00f3\u0142kach prawa cywilnego i handlowego, w tym w sp\u00f3\u0142kach z udzia\u0142em podmiot\u00f3w zagranicznych \u2013 na zasadach okre\u015blonych w stosownych przepisach.<\/li><\/ol>\n\n\n\n<h2 class=\"has-text-align-center wp-block-heading\">III. MAJ\u0104TEK I DOCHODY FUNDACJI<\/h2>\n\n\n\n<p>\u00a7 13<\/p>\n\n\n\n<ol class=\"wp-block-list\"><li>Maj\u0105tek Fundacji stanowi fundusz za\u0142o\u017cycielski w kwocie pieni\u0119\u017cnej 2200 z\u0142 (s\u0142ownie: dwa tysi\u0105ce dwie\u015bcie z\u0142otych), wymieniony w akcie notarialnym jej ustanowienia oraz inne mienie nabyte przez Fundacj\u0119 w toku dzia\u0142ania.<\/li><li>Z funduszu za\u0142o\u017cycielskiego na dzia\u0142alno\u015b\u0107 gospodarcz\u0105 przeznacza si\u0119 kwot\u0119 1.000 z\u0142 (s\u0142ownie: jeden tysi\u0105c z\u0142otych).<\/li><\/ol>\n\n\n\n<p>\u00a7 14<\/p>\n\n\n\n<p>Zabrania si\u0119:<\/p>\n\n\n\n<ol class=\"wp-block-list\"><li>Udzielania po\u017cyczek lub zabezpieczenia zobowi\u0105za\u0144 maj\u0105tkiem Fundacji w stosunku do cz\u0142onk\u00f3w jej organ\u00f3w lub pracownik\u00f3w oraz os\u00f3b, z kt\u00f3rymi pracownicy pozostaj\u0105 w zwi\u0105zku ma\u0142\u017ce\u0144skim albo w stosunku pokrewie\u0144stwa lub powinowactwa w linii prostej, pokrewie\u0144stwa lub powinowactwa w linii bocznej do drugiego stopnia albo s\u0105 zwi\u0105zani z tytu\u0142u przysposobienia, opieki lub kurateli, zwanych dalej osobami bliskimi.<\/li><li>Przekazywania maj\u0105tku Fundacji na rzecz jej cz\u0142onk\u00f3w organ\u00f3w lub pracownik\u00f3w oraz ich os\u00f3b bliskich, na zasadach innych ni\u017c w stosunku do os\u00f3b trzecich, w szczeg\u00f3lno\u015bci, je\u017celi przekazanie to nast\u0119puje bezp\u0142atnie lub na preferencyjnych warunkach.<\/li><li>Wykorzystywania maj\u0105tku Fundacji na rzecz jej cz\u0142onk\u00f3w organ\u00f3w lub pracownik\u00f3w oraz ich os\u00f3b bliskich na zasadach innych ni\u017c w stosunku do os\u00f3b trzecich, chyba ze to wykorzystanie bezpo\u015brednio wynika ze statutowego celu Fundacji.<\/li><li>Zakupu na szczeg\u00f3lnych zasadach towar\u00f3w lub us\u0142ug od podmiot\u00f3w, w kt\u00f3rych uczestnicz\u0105 cz\u0142onkowie organ\u00f3w lub pracownicy Fundacji oraz ich osoby bliskie na zasadach innych ni\u017c w stosunku do os\u00f3b trzecich lub po cenach wy\u017cszych ni\u017c rynkowe.<\/li><\/ol>\n\n\n\n<p>\u00a7 15<\/p>\n\n\n\n<p>Dochody Fundacji mog\u0105 pochodzi\u0107 w szczeg\u00f3lno\u015bci z:<\/p>\n\n\n\n<ol class=\"wp-block-list\"><li>darowizn, spadk\u00f3w i zapis\u00f3w,<\/li><li>nawi\u0105zek i \u015bwiadcze\u0144 pieni\u0119\u017cnych przewidzianych przez prawo karne,<\/li><li>subwencji, dotacji, grant\u00f3w oraz innych nieodp\u0142atnych przysporze\u0144 od instytucji pa\u0144stwowych i os\u00f3b prawnych,<\/li><li>dochod\u00f3w ze zbi\u00f3rek i imprez publicznych,<\/li><li>dochod\u00f3w z maj\u0105tku nieruchomego i ruchomego,<\/li><li>dochod\u00f3w z dzia\u0142alno\u015bci gospodarczej Fundacji,<\/li><li>odsetek bankowych,<\/li><li>innych wp\u0142yw\u00f3w.<\/li><\/ol>\n\n\n\n<p>\u00a7 16<\/p>\n\n\n\n<ol class=\"wp-block-list\"><li>Dochody pochodz\u0105ce z dotacji, subwencji, darowizn, spadk\u00f3w i zapis\u00f3w mog\u0105 by\u0107 u\u017cyte na realizacj\u0119 cel\u00f3w Fundacji tylko z poszanowaniem woli spadkodawc\u00f3w lub donator\u00f3w.<\/li><li>Darczy\u0144ca, przekazuj\u0105c Fundacji \u015brodki maj\u0105tkowe, mo\u017ce zastrzec, \u017ce \u015brodki te maj\u0105 by\u0107 przeznaczone na okre\u015blony rodzaj dzia\u0142alno\u015bci Fundacji. Zarz\u0105d Fundacji mo\u017ce nie przyj\u0105\u0107 tego warunku. W takim wypadku Fundacja zwraca darczy\u0144cy przekazane przez niego \u015brodki. Je\u017celi przekazaniu \u015brodk\u00f3w nie towarzyszy okre\u015blenie celu ich wykorzystania, Fundacja mo\u017ce przeznaczy\u0107 je na dowolny cel statutowy.<\/li><li>W sprawach przyj\u0119cia darowizn i dziedziczenia o\u015bwiadczenia wymagane przepisami prawa sk\u0142ada Zarz\u0105d Fundacji.<\/li><li>W przypadku powo\u0142ania fundacji do dziedziczenia jej zarz\u0105d sk\u0142ada o\u015bwiadczenie o przyj\u0119ciu spadku z dobrodziejstwem inwentarza tylko w\u00f3wczas, gdy w chwili sk\u0142adania tego o\u015bwiadczenia jest oczywiste, \u017ce stan czynny spadku znacznie przewy\u017csza d\u0142ugi spadkowe.<\/li><\/ol>\n\n\n\n<h2 class=\"has-text-align-center wp-block-heading\">IV.FUNDATOR<\/h2>\n\n\n\n<p>\u00a7 17<\/p>\n\n\n\n<p>Do kompetencji Fundatora nale\u017cy:<\/p>\n\n\n\n<ol class=\"wp-block-list\"><li>powo\u0142ywanie i odwo\u0142ywanie cz\u0142onk\u00f3w Rady Fundacji,<\/li><li>powo\u0142ywanie i odwo\u0142ywanie Prezesa Zarz\u0105du,<\/li><li>podejmowanie decyzji o likwidacji Fundacji,<\/li><li>podejmowanie decyzji o zmianie cel\u00f3w Fundacji.<\/li><\/ol>\n\n\n\n<h2 class=\"has-text-align-center wp-block-heading\">V. ORGANY I SPOS\u00d3B ZORGANIZOWANIA<\/h2>\n\n\n\n<p>\u00a7 18<\/p>\n\n\n\n<p>Organami Fundacji s\u0105:<\/p>\n\n\n\n<ol class=\"wp-block-list\"><li>Rada Fundacji.<\/li><li>Zarz\u0105d Fundacji.<\/li><\/ol>\n\n\n\n<p>\u00a7 19<\/p>\n\n\n\n<p>Do Zarz\u0105du Fundacji lub do Rady Fundacji mo\u017ce by\u0107 powo\u0142any Fundator, z zastrze\u017ceniem \u00a7 20 ust.6 i \u00a7 25 ust.3.<\/p>\n\n\n\n<p>\u00a7 20<\/p>\n\n\n\n<ol class=\"wp-block-list\"><li>Rada Fundacji jest organem nadzorczym i kontrolnym Fundacji.<\/li><li>Rada Fundacji sk\u0142ada si\u0119 z trzech (3) do dziesi\u0119ciu (10) os\u00f3b powo\u0142ywanych przez Fundatora.<\/li><li>Cz\u0142onkiem Rady Fundacji nie mo\u017ce by\u0107 osoba skazana za umy\u015blne przest\u0119pstwo publiczno skargowe lub przest\u0119pstwo skarbowe.<\/li><li>Cz\u0142onkostwo w Radzie Fundacji ustaje w przypadku pisemnej rezygnacji z cz\u0142onkostwa, odwo\u0142ania przez Fundatora lub \u015bmierci cz\u0142onka Rady.<\/li><li>Nie mo\u017cna \u0142\u0105czy\u0107 cz\u0142onkostwa w Radzie Fundacji z pe\u0142nieniem funkcji w Zarz\u0105dzie Fundacji lub ze stosunkiem pracy z Fundacj\u0105.<\/li><li>Cz\u0142onek Rady Fundacji nie mo\u017ce pozostawa\u0107 w zwi\u0105zku ma\u0142\u017ce\u0144skim, we wsp\u00f3lnym po\u017cyciu, w stosunku pokrewie\u0144stwa, powinowactwa lub podleg\u0142o\u015bci s\u0142u\u017cbowej z cz\u0142onkami Zarz\u0105du.<\/li><li>Rada Fundacji wybiera ze swego grona Przewodnicz\u0105cego.<\/li><li>Przewodnicz\u0105cy kieruje pracami Rady, reprezentuje j\u0105 na zewn\u0105trz oraz zwo\u0142uje i przewodniczy posiedzeniom. W uzasadnionych przypadkach Przewodnicz\u0105cego Rady zast\u0119puje w obowi\u0105zkach na podstawie jego pisemnego upowa\u017cnienia inny cz\u0142onek Rady.<\/li><\/ol>\n\n\n\n<p>\u00a7 21<\/p>\n\n\n\n<ol class=\"wp-block-list\"><li>Rada Fundacji zbiera si\u0119, co najmniej jeden \/1\/ raz w roku.<\/li><li>Rad\u0119 Fundacji zwo\u0142uje Przewodnicz\u0105cy Rady z w\u0142asnej inicjatywy albo na wniosek Zarz\u0105du lub Fundatora, zg\u0142oszony na pi\u015bmie.<\/li><li>O zwo\u0142aniu posiedzenia nale\u017cy powiadomi\u0107 cz\u0142onk\u00f3w Rady Fundacji, z co najmniej dwutygodniowym wyprzedzeniem.<\/li><li>Rada Fundacji podejmuje decyzje w formie uchwa\u0142 w obecno\u015bci, co najmniej po\u0142owy cz\u0142onk\u00f3w Rady, zwyk\u0142\u0105 wi\u0119kszo\u015bci\u0105 g\u0142os\u00f3w. W razie r\u00f3wnej liczby g\u0142os\u00f3w decyduje g\u0142os Przewodnicz\u0105cego.<\/li><li>W posiedzeniach Rady Fundacji mo\u017ce bra\u0107 udzia\u0142 Fundator i cz\u0142onkowie Zarz\u0105du bez prawa do g\u0142osowania.<\/li><\/ol>\n\n\n\n<p>\u00a7 22<\/p>\n\n\n\n<p>Do zada\u0144 Rady Fundacji nale\u017cy w szczeg\u00f3lno\u015bci:<\/p>\n\n\n\n<ol class=\"wp-block-list\"><li>Ocena pracy Zarz\u0105du, przyjmowanie corocznych sprawozda\u0144 i bilansu oraz udzielanie cz\u0142onkom Zarz\u0105du absolutorium.<\/li><li>Kontrolowanie bie\u017c\u0105cej dzia\u0142alno\u015bci Zarz\u0105du Fundacji.<\/li><li>Wytyczanie g\u0142\u00f3wnych kierunk\u00f3w dzia\u0142alno\u015bci Fundacji.<\/li><li>Nadz\u00f3r nad dzia\u0142alno\u015bci\u0105 Fundacji.<\/li><li>Powo\u0142ywanie i odwo\u0142ywanie cz\u0142onk\u00f3w Zarz\u0105du Fundacji za wyj\u0105tkiem prezesa Zarz\u0105du. Decyzje te musz\u0105 by\u0107 podejmowane 2\/3 g\u0142os\u00f3w na posiedzeniu w obecno\u015bci 2\/3 og\u00f3lnej liczby cz\u0142onk\u00f3w Rady.<\/li><li>\u017b\u0105danie od cz\u0142onk\u00f3w Zarz\u0105du z\u0142o\u017cenia pisemnych lub ustnych wyja\u015bnie\u0144.<\/li><li>Podejmowanie decyzji o zatrudnianiu cz\u0142onk\u00f3w zarz\u0105du i ustalanie ich wynagrodzenia.<\/li><\/ol>\n\n\n\n<p>\u00a7 23<\/p>\n\n\n\n<p>Rada Fundacji w celu wykonania swych zada\u0144 jest uprawniona do:<\/p>\n\n\n\n<ol class=\"wp-block-list\"><li>\u017b\u0105dania od Zarz\u0105du Fundacji przedstawienia wszelkich dokument\u00f3w dotycz\u0105cych dzia\u0142alno\u015bci Fundacji.<\/li><li>Dokonywania rewizji maj\u0105tku oraz kontroli finansowej Fundacji.<\/li><\/ol>\n\n\n\n<p>\u00a7 24<\/p>\n\n\n\n<p>Cz\u0142onkowie Rady Fundacji nie pobieraj\u0105 wynagrodzenia z tytu\u0142u udzia\u0142u w pracach tego organu, z wyj\u0105tkiem zwrotu udokumentowanych wydatk\u00f3w zwi\u0105zanych z uczestnictwem w pracach tych organ\u00f3w, w tym koszt\u00f3w podr\u00f3\u017cy.<\/p>\n\n\n\n<p>\u00a7 25<\/p>\n\n\n\n<ol class=\"wp-block-list\"><li>Zarz\u0105d Fundacji sk\u0142ada si\u0119 z 3 do 5 os\u00f3b powo\u0142ywanych przez Rad\u0119 Fundacji na trzy \/3\/-letni\u0105 kadencj\u0119 oraz Prezesa Zarz\u0105du powo\u0142ywanego przez Fundatora.<\/li><li>Funkcj\u0119 cz\u0142onka Zarz\u0105du mo\u017cna pe\u0142ni\u0107 przez wi\u0119cej ni\u017c jedn\u0105 kadencj\u0119.<\/li><li>Nie mo\u017cna \u0142\u0105czy\u0107 pe\u0142nienia funkcji cz\u0142onka Zarz\u0105du z cz\u0142onkostwem w Radzie Fundacji.<\/li><li>Cz\u0142onkiem Zarz\u0105du Fundacji nie mo\u017ce by\u0107 osoba skazana za umy\u015blne przest\u0119pstwo publiczno skargowe lub przest\u0119pstwo skarbowe.<\/li><li>Zarz\u0105d Fundacji w ca\u0142o\u015bci lub jego poszczeg\u00f3lni cz\u0142onkowie, za wyj\u0105tkiem Prezesa Zarz\u0105du, mog\u0105 by\u0107 odwo\u0142ani przez Rad\u0119 Fundacji, przed up\u0142ywem kadencji.<\/li><li>Odwo\u0142anie Zarz\u0105du w ca\u0142o\u015bci lub cz\u0142onka Zarz\u0105du nast\u0119puje w przypadku pisemnej rezygnacji cz\u0142onka Zarz\u0105du, \u015bmierci cz\u0142onka Zarz\u0105du lub odwo\u0142ania przez Rad\u0119 Fundacji z wy\u0142\u0105czeniem Prezesa Zarz\u0105du.<\/li><\/ol>\n\n\n\n<p>\u00a7 26<\/p>\n\n\n\n<p>Zarz\u0105d kieruje dzia\u0142alno\u015bci\u0105 Fundacji i reprezentuje j\u0105 na zewn\u0105trz.<\/p>\n\n\n\n<p>\u00a7 27<\/p>\n\n\n\n<p>Do zada\u0144 Zarz\u0105du nale\u017c\u0105 wszelkie sprawy niezastrze\u017cone do kompetencji Fundatora i Rady Fundacji, w szczeg\u00f3lno\u015bci:<\/p>\n\n\n\n<ol class=\"wp-block-list\"><li>Uchwalanie rocznych i wieloletnich plan\u00f3w dzia\u0142ania Fundacji oraz plan\u00f3w finansowych.<\/li><li>Kierowanie bie\u017c\u0105c\u0105 dzia\u0142alno\u015bci\u0105 Fundacji, odpowiadanie za realizacj\u0119 jej cel\u00f3w statutowych oraz wyniki dzia\u0142alno\u015bci finansowo-gospodarczej.<\/li><li>Sporz\u0105dzanie sprawozda\u0144 z dzia\u0142alno\u015bci Fundacji.<\/li><li>Uchwalanie regulaminu pracy Zarz\u0105du okre\u015blaj\u0105cego mi\u0119dzy innymi sprawy zastrze\u017cone do decyzji kolegialnych Zarz\u0105du, spos\u00f3b podejmowania decyzji i tryb obradowania,<ol><li>uchwalenie regulaminu pracy Zarz\u0105du wymaga zgody, co najmniej 2\/3 powo\u0142anych cz\u0142onk\u00f3w Zarz\u0105du,<\/li><li>do czasu uchwalenia regulaminu pracy Zarz\u0105du tryb pracy Zarz\u0105du okre\u015bla Prezes Zarz\u0105du.<\/li><\/ol><\/li><li>Sprawowanie zarz\u0105du maj\u0105tkiem Fundacji.<\/li><li>Przyjmowanie darowizn, spadk\u00f3w i zapis\u00f3w, subwencji i dotacji.<\/li><li>Wyst\u0119powanie z wnioskami w sprawie zmian statutu Fundacji, po\u0142\u0105czenia z inn\u0105 Fundacj\u0105 oraz likwidacji Fundacji.<\/li><li>Ustalanie wielko\u015bci zatrudnienia, zasad wynagradzania oraz wielko\u015bci \u015brodk\u00f3w na wynagrodzenia i nagrody dla pracownik\u00f3w Fundacji zatrudnionych w dzia\u0142alno\u015bci statutowej oraz dzia\u0142alno\u015bci gospodarczej.<\/li><li>Ustalenie Regulaminu Przyznawania Odznak Honorowych, Nagr\u00f3d i Wyr\u00f3\u017cnie\u0144.<\/li><\/ol>\n\n\n\n<p>\u00a7 28<\/p>\n\n\n\n<p>Zarz\u0105d podejmuje uchwa\u0142y zwyk\u0142\u0105 wi\u0119kszo\u015bci\u0105 g\u0142os\u00f3w jego cz\u0142onk\u00f3w obecnych na posiedzeniu. W posiedzeniu musi bra\u0107 udzia\u0142 Prezes lub wiceprezes Zarz\u0105du. O posiedzeniu Zarz\u0105du musz\u0105 by\u0107 powiadomieni wszyscy cz\u0142onkowie Zarz\u0105du.<\/p>\n\n\n\n<p>\u00a7 29<\/p>\n\n\n\n<p>Posiedzenia Zarz\u0105du odbywaj\u0105 si\u0119 w miar\u0119 potrzeb, nie rzadziej jednak ni\u017c dwa razy w roku.<\/p>\n\n\n\n<p>\u00a7 30<\/p>\n\n\n\n<p>Zarz\u0105d mo\u017ce powo\u0142ywa\u0107 pe\u0142nomocnik\u00f3w do kierowania wyodr\u0119bnion\u0105 sfer\u0105 spraw nale\u017c\u0105cych do zada\u0144 Fundacji.<\/p>\n\n\n\n<p>\u00a7 31<\/p>\n\n\n\n<p>Zarz\u0105d zobowi\u0105zany jest przedk\u0142ada\u0107 ka\u017cdego roku sprawozdanie roczne z dzia\u0142alno\u015bci Fundacji.<\/p>\n\n\n\n<h2 class=\"has-text-align-center wp-block-heading\">VI. SPOS\u00d3B REPREZENTACJI<\/h2>\n\n\n\n<p>\u00a7 32<\/p>\n\n\n\n<p class=\"has-text-align-center\">O\u015bwiadczenie woli w imieniu Fundacji sk\u0142adaj\u0105 dwaj cz\u0142onkowie Zarz\u0105du dzia\u0142aj\u0105cy \u0142\u0105cznie, w tym Prezes lub Wiceprezes.<\/p>\n\n\n\n<h2 class=\"has-text-align-center wp-block-heading\">VII. DZIALALNO\u015a\u0106 GOSPODARCZA FUNDACJI<\/h2>\n\n\n\n<p>\u00a7 33<\/p>\n\n\n\n<ol class=\"wp-block-list\"><li>Dla realizacji cel\u00f3w Fundacji, mo\u017ce ona prowadzi\u0107 dzia\u0142alno\u015b\u0107 gospodarcz\u0105 samodzielnie b\u0105d\u017a we wsp\u00f3\u0142dzia\u0142aniu z innymi podmiotami w kraju i za granic\u0105, zgodnie z obowi\u0105zuj\u0105cymi przepisami.<\/li><li>Przedmiotem dzia\u0142alno\u015bci gospodarczej jest dzia\u0142alno\u015b\u0107 w zakresie:<\/li><\/ol>\n\n\n\n<ul class=\"wp-block-list\"><li>Pozosta\u0142e drukowanie \u2013 PKD 18.12.Z,<\/li><li>Dzia\u0142alno\u015b\u0107 us\u0142ugowa zwi\u0105zana z przygotowywaniem do druku \u2013 PKD 18.13.Z,<\/li><li>Reprodukcja zapisanych no\u015bnik\u00f3w informacji \u2013 PKD 18.20.Z,<\/li><li>Wydawanie ksi\u0105\u017cek \u2013 PKD 58.11.Z,<\/li><li>Pozosta\u0142a dzia\u0142alno\u015b\u0107 wydawnicza \u2013 PKD 58.19.Z,<\/li><li>Badania naukowe i prace rozwojowe w dziedzinie nauk spo\u0142ecznych i humanistycznych \u2013 PKD 72.20.Z,<\/li><li>Dzia\u0142alno\u015b\u0107 agencji reklamowych \u2013 PKD 73.11.Z,<\/li><li>Dzia\u0142alno\u015b\u0107 fotograficzna \u2013 PKD 74.20.Z,<\/li><li>Pozosta\u0142a dzia\u0142alno\u015b\u0107 profesjonalna naukowa i techniczna gdzie indziej niesklasyfikowana \u2013 PKD 74.90.Z,<\/li><li>Dzia\u0142alno\u015b\u0107 zwi\u0105zana z organizacj\u0105 targ\u00f3w, wystaw i kongres\u00f3w \u2013 PKD 82.30.Z,<\/li><li>Pozaszkolne formy edukacji artystycznej \u2013 PKD 85.52.Z,<\/li><li>Pozosta\u0142e pozaszkolne formy edukacji gdzie indziej niesklasyfikowane \u2013 PKD 85.59.B,<\/li><li>Dzia\u0142alno\u015b\u0107 wspomagaj\u0105ca edukacj\u0119 \u2013 PKD 85.60.Z,<\/li><li>Pozosta\u0142a pomoc spo\u0142eczna z zakwaterowaniem \u2013 PKD 87.90.Z,<\/li><li>Opieka dzienna nad dzie\u0107mi \u2013 PKD 88.91.Z,<\/li><li>Pozosta\u0142a pomoc spo\u0142eczna bez zakwaterowania gdzie indziej niesklasyfikowana \u2013 PKD 88.99.Z,<\/li><li>Artystyczna i literacka dzia\u0142alno\u015b\u0107 tw\u00f3rcza \u2013 PKD 90.03.Z,<\/li><li>Dochody z dzia\u0142alno\u015bci gospodarczej Fundacji przeznaczane s\u0105 wy\u0142\u0105cznie na realizacj\u0119 cel\u00f3w statutowych Fundacji.<\/li><\/ul>\n\n\n\n<h2 class=\"has-text-align-center wp-block-heading\">VIII. ZMIANA STATUTU<\/h2>\n\n\n\n<p>\u00a7 34<\/p>\n\n\n\n<ol class=\"wp-block-list\"><li>Zmiany statutu dokonuje Rada Fundacji za zgod\u0105 Fundatora. Decyzj\u0119 o zmianie statutu podejmuje Rada Fundacji bezwzgl\u0119dn\u0105 wi\u0119kszo\u015bci\u0105 g\u0142os\u00f3w przy obecno\u015bci, co najmniej po\u0142owy cz\u0142onk\u00f3w Rady.<\/li><li>Zmiana statutu w zakresie cel\u00f3w Fundacji nale\u017cy do wy\u0142\u0105cznej decyzji Fundatora.<\/li><\/ol>\n\n\n\n<h2 class=\"has-text-align-center wp-block-heading\">IX. POSTANOWIENIA KO\u0143COWE<\/h2>\n\n\n\n<p>\u00a7 35<\/p>\n\n\n\n<ol class=\"wp-block-list\"><li>Dla efektywnego urzeczywistnienia swoich cel\u00f3w Fundacja mo\u017ce po\u0142\u0105czy\u0107 si\u0119 z inn\u0105 fundacj\u0105.<\/li><li>Decyzj\u0119 o po\u0142\u0105czeniu podejmuje Rada Fundacji za zgod\u0105 Fundatora.<\/li><\/ol>\n\n\n\n<p>\u00a7 36<\/p>\n\n\n\n<ol class=\"wp-block-list\"><li>Fundacja mo\u017ce ulec likwidacji w razie osi\u0105gni\u0119cia cel\u00f3w, dla kt\u00f3rych zosta\u0142a powo\u0142ana lub wobec wyczerpania si\u0119 \u015brodk\u00f3w finansowych i maj\u0105tku.<\/li><li>Decyzj\u0119 o likwidacji Fundacji podejmuje Fundator lub Rada Fundacji w drodze jednomy\u015blnej uchwa\u0142y za zgod\u0105 Fundatora.<\/li><li>W razie likwidacji Fundacji funkcj\u0119 likwidatora pe\u0142ni osoba wyznaczona przez Rad\u0119 Fundacji.<\/li><li>\u015arodki finansowe pozosta\u0142e po likwidacji oraz maj\u0105tek Fundacji, likwidator przeka\u017ce innej organizacji spo\u0142ecznej realizuj\u0105cej cele podobne do zawartych w niniejszym Statucie.<\/li><\/ol>\n[:]","protected":false},"excerpt":{"rendered":"<p>[:en] PROJECT FOUNDATION CHAPTER I. GENERAL PROVISIONS \u00a7 1 Foundation under the name PROJEKT ROZ, hereinafter referred to as the Foundation, established by a notarial deed in a notary&#8217;s office in Krakow at ul. Smole\u0144sk 25 a \/ 3, before the notary public Bart\u0142omiej Zeman, under the repertory number A No. 4683\/2012 of July 27, [&hellip;]<\/p>\n","protected":false},"author":2,"featured_media":0,"parent":0,"menu_order":0,"comment_status":"closed","ping_status":"closed","template":"","meta":{"footnotes":""},"class_list":["post-38","page","type-page","status-publish","hentry"],"_links":{"self":[{"href":"https:\/\/projektroz.unitunicorn.com\/index.php?rest_route=\/wp\/v2\/pages\/38","targetHints":{"allow":["GET"]}}],"collection":[{"href":"https:\/\/projektroz.unitunicorn.com\/index.php?rest_route=\/wp\/v2\/pages"}],"about":[{"href":"https:\/\/projektroz.unitunicorn.com\/index.php?rest_route=\/wp\/v2\/types\/page"}],"author":[{"embeddable":true,"href":"https:\/\/projektroz.unitunicorn.com\/index.php?rest_route=\/wp\/v2\/users\/2"}],"replies":[{"embeddable":true,"href":"https:\/\/projektroz.unitunicorn.com\/index.php?rest_route=%2Fwp%2Fv2%2Fcomments&post=38"}],"version-history":[{"count":0,"href":"https:\/\/projektroz.unitunicorn.com\/index.php?rest_route=\/wp\/v2\/pages\/38\/revisions"}],"wp:attachment":[{"href":"https:\/\/projektroz.unitunicorn.com\/index.php?rest_route=%2Fwp%2Fv2%2Fmedia&parent=38"}],"curies":[{"name":"wp","href":"https:\/\/api.w.org\/{rel}","templated":true}]}}